{"id":830,"date":"2025-03-20T14:03:09","date_gmt":"2025-03-20T13:03:09","guid":{"rendered":"http:\/\/preprodblog.interflora.se\/blog\/?page_id=830"},"modified":"2026-02-27T12:19:02","modified_gmt":"2026-02-27T11:19:02","slug":"homepage","status":"publish","type":"page","link":"https:\/\/www.interflora.se\/inspiration\/","title":{"rendered":"Homepage"},"content":{"rendered":"\n<div style=\"height:20px\" aria-hidden=\"true\" class=\"wp-block-spacer\"><\/div>\n\n\n\n<section class=\"section-hero-banner\">\n  <img \n    src=\"https:\/\/www.interflora.se\/inspiration\/wp-content\/uploads\/2026\/02\/varblommor.jpg\" \n    alt=\"Interfloras blomstrande inspiration\" \n    width=\"1100\" height=\"480\"\n    fetchpriority=\"high\"\n    decoding=\"async\"\n    class=\"hero-image\"\n  >\n  <div class=\"overlay\"><\/div>\n  <div class=\"hero-content\">\n    <h1>Blomstrande inspiration<\/h1>\n    <p>H\u00e4r hittar du h\u00e4rlig och blomstrande inspiration. Vi har samlat n\u00e5gra av v\u00e5ra b\u00e4sta inredningstips, blomstertrender, guider, tips och samarbeten.<\/p>\n  <\/div>\n<\/section>\n\n\n\n<div style=\"height:20px\" aria-hidden=\"true\" class=\"wp-block-spacer\"><\/div>\n\n\n\n  <section class=\"promo-articles-section\">\r\n    <div class=\"promo-articles-header\">\r\n      <h2>Senaste artiklar<\/h2>\r\n      <p class=\"subtitle\">Blommor \u00e4r en o\u00e4ndlig k\u00e4lla till inspiration<\/p>\r\n    <\/div>\r\n\r\n    <div class=\"promo-articles-grid\">\r\n                <article class=\"promo-article-card\">\r\n            <a href=\"https:\/\/www.interflora.se\/inspiration\/5-prisvarda-presentideer-som-kommer-att-gladja-pa-mors-dag\/\" class=\"promo-article-image\">\r\n              <img loading=\"lazy\" decoding=\"async\" width=\"500\" height=\"750\" src=\"https:\/\/www.interflora.se\/inspiration\/wp-content\/uploads\/2026\/04\/mors-dag-17.avif\" class=\"attachment-medium_large size-medium_large wp-post-image\" alt=\"\" srcset=\"https:\/\/www.interflora.se\/inspiration\/wp-content\/uploads\/2026\/04\/mors-dag-17.avif 500w, https:\/\/www.interflora.se\/inspiration\/wp-content\/uploads\/2026\/04\/mors-dag-17-200x300.avif 200w\" sizes=\"auto, (max-width: 500px) 100vw, 500px\" \/>            <\/a>\r\n            <div class=\"promo-article-content\">\r\n              <h3>5 prisv\u00e4rda presentid\u00e9er som kommer att gl\u00e4dja p\u00e5 mors dag<\/h3>\r\n              <a href=\"https:\/\/www.interflora.se\/inspiration\/5-prisvarda-presentideer-som-kommer-att-gladja-pa-mors-dag\/\" class=\"read-more\">L\u00e4s mer<\/a>\r\n            <\/div>\r\n          <\/article>\r\n                  <article class=\"promo-article-card\">\r\n            <a href=\"https:\/\/www.interflora.se\/inspiration\/vilken-vaxt-ska-du-ge-din-mamma-pa-mors-dag\/\" class=\"promo-article-image\">\r\n              <img loading=\"lazy\" decoding=\"async\" width=\"500\" height=\"750\" src=\"https:\/\/www.interflora.se\/inspiration\/wp-content\/uploads\/2026\/04\/mors-dag-28.avif\" class=\"attachment-medium_large size-medium_large wp-post-image\" alt=\"\" srcset=\"https:\/\/www.interflora.se\/inspiration\/wp-content\/uploads\/2026\/04\/mors-dag-28.avif 500w, https:\/\/www.interflora.se\/inspiration\/wp-content\/uploads\/2026\/04\/mors-dag-28-200x300.avif 200w\" sizes=\"auto, (max-width: 500px) 100vw, 500px\" \/>            <\/a>\r\n            <div class=\"promo-article-content\">\r\n              <h3>Vilken v\u00e4xt ska du ge din mamma p\u00e5 mors dag?<\/h3>\r\n              <a href=\"https:\/\/www.interflora.se\/inspiration\/vilken-vaxt-ska-du-ge-din-mamma-pa-mors-dag\/\" class=\"read-more\">L\u00e4s mer<\/a>\r\n            <\/div>\r\n          <\/article>\r\n                  <article class=\"promo-article-card\">\r\n            <a href=\"https:\/\/www.interflora.se\/inspiration\/saga-jag-alskar-dig-till-sin-mamma-vara-tips-for-att-uttrycka-sin-karlek-till-mamma\/\" class=\"promo-article-image\">\r\n              <img loading=\"lazy\" decoding=\"async\" width=\"500\" height=\"750\" src=\"https:\/\/www.interflora.se\/inspiration\/wp-content\/uploads\/2026\/04\/mors-dag-12.avif\" class=\"attachment-medium_large size-medium_large wp-post-image\" alt=\"\" srcset=\"https:\/\/www.interflora.se\/inspiration\/wp-content\/uploads\/2026\/04\/mors-dag-12.avif 500w, https:\/\/www.interflora.se\/inspiration\/wp-content\/uploads\/2026\/04\/mors-dag-12-200x300.avif 200w\" sizes=\"auto, (max-width: 500px) 100vw, 500px\" \/>            <\/a>\r\n            <div class=\"promo-article-content\">\r\n              <h3>S\u00e4ga \u201cjag \u00e4lskar dig\u201d till sin mamma: v\u00e5ra tips f\u00f6r att uttrycka sin k\u00e4rlek till mamma<\/h3>\r\n              <a href=\"https:\/\/www.interflora.se\/inspiration\/saga-jag-alskar-dig-till-sin-mamma-vara-tips-for-att-uttrycka-sin-karlek-till-mamma\/\" class=\"read-more\">L\u00e4s mer<\/a>\r\n            <\/div>\r\n          <\/article>\r\n                  <article class=\"promo-article-card\">\r\n            <a href=\"https:\/\/www.interflora.se\/inspiration\/hur-torkar-man-pioner-utan-att-skada-kronbladen\/\" class=\"promo-article-image\">\r\n              <img loading=\"lazy\" decoding=\"async\" width=\"500\" height=\"750\" src=\"https:\/\/www.interflora.se\/inspiration\/wp-content\/uploads\/2026\/04\/pioner-14.avif\" class=\"attachment-medium_large size-medium_large wp-post-image\" alt=\"\" srcset=\"https:\/\/www.interflora.se\/inspiration\/wp-content\/uploads\/2026\/04\/pioner-14.avif 500w, https:\/\/www.interflora.se\/inspiration\/wp-content\/uploads\/2026\/04\/pioner-14-200x300.avif 200w\" sizes=\"auto, (max-width: 500px) 100vw, 500px\" \/>            <\/a>\r\n            <div class=\"promo-article-content\">\r\n              <h3>Hur torkar man pioner utan att skada kronbladen?<\/h3>\r\n              <a href=\"https:\/\/www.interflora.se\/inspiration\/hur-torkar-man-pioner-utan-att-skada-kronbladen\/\" class=\"read-more\">L\u00e4s mer<\/a>\r\n            <\/div>\r\n          <\/article>\r\n                  <article class=\"promo-article-card\">\r\n            <a href=\"https:\/\/www.interflora.se\/inspiration\/skotsel-av-pioner-tips-for-att-ta-hand-om-din-pionbukett\/\" class=\"promo-article-image\">\r\n              <img loading=\"lazy\" decoding=\"async\" width=\"750\" height=\"500\" src=\"https:\/\/www.interflora.se\/inspiration\/wp-content\/uploads\/2026\/04\/mors-dag-10.avif\" class=\"attachment-medium_large size-medium_large wp-post-image\" alt=\"\" srcset=\"https:\/\/www.interflora.se\/inspiration\/wp-content\/uploads\/2026\/04\/mors-dag-10.avif 750w, https:\/\/www.interflora.se\/inspiration\/wp-content\/uploads\/2026\/04\/mors-dag-10-300x200.avif 300w\" sizes=\"auto, (max-width: 750px) 100vw, 750px\" \/>            <\/a>\r\n            <div class=\"promo-article-content\">\r\n              <h3>Sk\u00f6tsel av pioner: tips f\u00f6r att ta hand om din pionbukett<\/h3>\r\n              <a href=\"https:\/\/www.interflora.se\/inspiration\/skotsel-av-pioner-tips-for-att-ta-hand-om-din-pionbukett\/\" class=\"read-more\">L\u00e4s mer<\/a>\r\n            <\/div>\r\n          <\/article>\r\n                  <article class=\"promo-article-card\">\r\n            <a href=\"https:\/\/www.interflora.se\/inspiration\/aktiviteter-pa-mors-dag-den-basta-overraskningen-for-din-mamma\/\" class=\"promo-article-image\">\r\n              <img loading=\"lazy\" decoding=\"async\" width=\"667\" height=\"1000\" src=\"https:\/\/www.interflora.se\/inspiration\/wp-content\/uploads\/2026\/04\/mors-dag-33.avif\" class=\"attachment-medium_large size-medium_large wp-post-image\" alt=\"\" srcset=\"https:\/\/www.interflora.se\/inspiration\/wp-content\/uploads\/2026\/04\/mors-dag-33.avif 667w, https:\/\/www.interflora.se\/inspiration\/wp-content\/uploads\/2026\/04\/mors-dag-33-200x300.avif 200w\" sizes=\"auto, (max-width: 667px) 100vw, 667px\" \/>            <\/a>\r\n            <div class=\"promo-article-content\">\r\n              <h3>Aktiviteter p\u00e5 mors dag: den b\u00e4sta \u00f6verraskningen f\u00f6r din mamma!<\/h3>\r\n              <a href=\"https:\/\/www.interflora.se\/inspiration\/aktiviteter-pa-mors-dag-den-basta-overraskningen-for-din-mamma\/\" class=\"read-more\">L\u00e4s mer<\/a>\r\n            <\/div>\r\n          <\/article>\r\n            <\/div>\r\n  <\/section>\r\n  \n\n\n\n<div style=\"height:20px\" aria-hidden=\"true\" class=\"wp-block-spacer\"><\/div>\n\n\n\n<section class=\"promo-collection-v2\">\n  <div class=\"promo-text\">\n    <h2>Blommor som sprider gl\u00e4dje i vardagen<\/h2>\n    <h3>Vackra buketter f\u00f6r stora och sm\u00e5 \u00f6gonblick<\/h3>\n    <p>Ibland beh\u00f6vs det inte mer \u00e4n en bukett f\u00f6r att f\u00f6r\u00e4ndra k\u00e4nslan i ett rum \u2013 eller i n\u00e5gons dag. Blommor \u00e4r ett enkelt s\u00e4tt att visa omtanke, fira det lilla och skapa stunder att minnas.<\/p>\n    <p>Hos oss hittar du handbundna buketter fr\u00e5n 229 kr, skapade med samma omsorg och k\u00e4nsla oavsett prisklass. En liten gest kan g\u00f6ra st\u00f6rre skillnad \u00e4n du tror.<\/p>\n    <a class=\"cta\" href=\"https:\/\/www.interflora.se\/c\/buketter\/billiga-blommor?utm_source=blog&#038;utm_campaign=hp-cta\">Uppt\u00e4ck prisv\u00e4rda blommor<\/a>\n  <\/div>\n  <div class=\"promo-image\">\n    <img decoding=\"async\" src=\"https:\/\/www.interflora.se\/inspiration\/wp-content\/uploads\/2026\/02\/SE-Fargfest_annesophiebenoit-interflora-0925-76.jpg\" alt=\"Leende kvinna h\u00e5ller Interflora-buketten F\u00e4rgfest insvept i kraftpapper\">\n  <\/div>\n<\/section>\n\n\n\n<div style=\"height:20px\" aria-hidden=\"true\" class=\"wp-block-spacer\"><\/div>\n\n\n\n    <section class=\"promo-articles-section promo-articles-section--season\" aria-label=\"V\u00e5r\">\r\n      <div class=\"promo-articles-header\">\r\n        <h2>V\u00e5r<\/h2>\r\n                  <p class=\"subtitle\">V\u00e4lkomna v\u00e5ren med blommor! H\u00e4r hittar du guider, trender och tips som hj\u00e4lper dig att fira \u00e5rets vackraste \u00e5rstid med naturens egna f\u00e4rger.<\/p>\r\n              <\/div>\r\n\r\n      <div class=\"promo-articles-grid\">\r\n                                          <article class=\"promo-article-card\">\r\n              <a href=\"https:\/\/www.interflora.se\/inspiration\/hur-odlar-och-skoter-man-pioner-i-kruka\/\" class=\"promo-article-image\">\r\n                <img loading=\"lazy\" decoding=\"async\" width=\"500\" height=\"750\" src=\"https:\/\/www.interflora.se\/inspiration\/wp-content\/uploads\/2026\/03\/annesophiebenoit-interflora-saint-valentin-63.jpg\" class=\"attachment-medium_large size-medium_large wp-post-image\" alt=\"\" \/>              <\/a>\r\n              <div class=\"promo-article-content\">\r\n                <h3>Hur odlar och sk\u00f6ter man pioner i kruka?<\/h3>\r\n                <a href=\"https:\/\/www.interflora.se\/inspiration\/hur-odlar-och-skoter-man-pioner-i-kruka\/\" class=\"read-more\">L\u00e4s mer<\/a>\r\n              <\/div>\r\n            <\/article>\r\n                                  <article class=\"promo-article-card\">\r\n              <a href=\"https:\/\/www.interflora.se\/inspiration\/5-varbuketter\/\" class=\"promo-article-image\">\r\n                <img loading=\"lazy\" decoding=\"async\" width=\"500\" height=\"750\" src=\"https:\/\/www.interflora.se\/inspiration\/wp-content\/uploads\/2026\/03\/annesophiebenoit-interflora-sweden-91.jpg\" class=\"attachment-medium_large size-medium_large wp-post-image\" alt=\"\" \/>              <\/a>\r\n              <div class=\"promo-article-content\">\r\n                <h3>5 buketter som s\u00e4tter fart p\u00e5 v\u00e5rk\u00e4nslorna<\/h3>\r\n                <a href=\"https:\/\/www.interflora.se\/inspiration\/5-varbuketter\/\" class=\"read-more\">L\u00e4s mer<\/a>\r\n              <\/div>\r\n            <\/article>\r\n                                  <article class=\"promo-article-card\">\r\n              <a href=\"https:\/\/www.interflora.se\/inspiration\/blommor-som-passar-med-tulpaner\/\" class=\"promo-article-image\">\r\n                <img loading=\"lazy\" decoding=\"async\" width=\"666\" height=\"1000\" src=\"https:\/\/www.interflora.se\/inspiration\/wp-content\/uploads\/2026\/03\/paskbukett-3.jpg\" class=\"attachment-medium_large size-medium_large wp-post-image\" alt=\"\" \/>              <\/a>\r\n              <div class=\"promo-article-content\">\r\n                <h3>S\u00e5 matchar du dina tulpaner med andra v\u00e5rfavoriter<\/h3>\r\n                <a href=\"https:\/\/www.interflora.se\/inspiration\/blommor-som-passar-med-tulpaner\/\" class=\"read-more\">L\u00e4s mer<\/a>\r\n              <\/div>\r\n            <\/article>\r\n                        <\/div>\r\n\r\n              <div class=\"cta-all-wrapper\">\r\n          <a href=\"https:\/\/www.interflora.se\/inspiration\/c\/var\/\" class=\"read-all-tips\">Visa alla artiklar<\/a>\r\n        <\/div>\r\n          <\/section>\r\n    \n\n\n\n<div style=\"height:20px\" aria-hidden=\"true\" class=\"wp-block-spacer\"><\/div>\n\n\n\n<section class=\"promo-collection-v2\">\n  <div class=\"promo-text\">\n    <h2>Utforska v\u00e5r v\u00e4rld av blommor, v\u00e4xter och presenter<\/h2>\n    <a class=\"cta\" href=\"https:\/\/www.interflora.se\/?utm_source=blog&#038;utm_campaign=hp-cta\">Skicka Blommogram<\/a>\n  <\/div>\n  <div class=\"promo-image\">\n    <img decoding=\"async\" src=\"https:\/\/www.interflora.se\/inspiration\/wp-content\/uploads\/2025\/09\/annesophiebenoit-interflora-sweden-25-Europe.jpg\" alt=\"Bukett Interflora\">\n  <\/div>\n<\/section>\n\n\n\n<div style=\"height:20px\" aria-hidden=\"true\" class=\"wp-block-spacer\"><\/div>\n\n\n\n  <section class=\"promo-articles-section\">\r\n    <div class=\"promo-articles-header\">\r\n      <h2>Tips<\/h2>\r\n      <p class=\"subtitle\">\r\n        F\u00e5 de seneste tipsen inom blommor och v\u00e4xter, dukningar, blomsterdekorationer och mycket annat.\r\n      <\/p>\r\n    <\/div>\r\n\r\n    <div class=\"promo-articles-grid\">\r\n                <article class=\"promo-article-card\">\r\n            <a href=\"https:\/\/www.interflora.se\/inspiration\/4-blomstrande-presenter-till-mamma\/\" class=\"promo-article-image\">\r\n              <img loading=\"lazy\" decoding=\"async\" width=\"538\" height=\"807\" src=\"https:\/\/www.interflora.se\/inspiration\/wp-content\/uploads\/2026\/04\/mors-dag-13.avif\" class=\"attachment-medium_large size-medium_large wp-post-image\" alt=\"\" srcset=\"https:\/\/www.interflora.se\/inspiration\/wp-content\/uploads\/2026\/04\/mors-dag-13.avif 538w, https:\/\/www.interflora.se\/inspiration\/wp-content\/uploads\/2026\/04\/mors-dag-13-200x300.avif 200w\" sizes=\"auto, (max-width: 538px) 100vw, 538px\" \/>            <\/a>\r\n            <div class=\"promo-article-content\">\r\n              <h3>4 presenttips till Mors dag<\/h3>\r\n              <a href=\"https:\/\/www.interflora.se\/inspiration\/4-blomstrande-presenter-till-mamma\/\" class=\"read-more\">L\u00e4s mer<\/a>\r\n            <\/div>\r\n          <\/article>\r\n                  <article class=\"promo-article-card\">\r\n            <a href=\"https:\/\/www.interflora.se\/inspiration\/5-buketter-till-mors-dag\/\" class=\"promo-article-image\">\r\n              <img loading=\"lazy\" decoding=\"async\" width=\"500\" height=\"750\" src=\"https:\/\/www.interflora.se\/inspiration\/wp-content\/uploads\/2026\/04\/mors-dag-22.avif\" class=\"attachment-medium_large size-medium_large wp-post-image\" alt=\"\" srcset=\"https:\/\/www.interflora.se\/inspiration\/wp-content\/uploads\/2026\/04\/mors-dag-22.avif 500w, https:\/\/www.interflora.se\/inspiration\/wp-content\/uploads\/2026\/04\/mors-dag-22-200x300.avif 200w\" sizes=\"auto, (max-width: 500px) 100vw, 500px\" \/>            <\/a>\r\n            <div class=\"promo-article-content\">\r\n              <h3>5 buketter till Mors dag<\/h3>\r\n              <a href=\"https:\/\/www.interflora.se\/inspiration\/5-buketter-till-mors-dag\/\" class=\"read-more\">L\u00e4s mer<\/a>\r\n            <\/div>\r\n          <\/article>\r\n                  <article class=\"promo-article-card\">\r\n            <a href=\"https:\/\/www.interflora.se\/inspiration\/brollopsgavor\/\" class=\"promo-article-image\">\r\n              <img loading=\"lazy\" decoding=\"async\" width=\"768\" height=\"960\" src=\"https:\/\/www.interflora.se\/inspiration\/wp-content\/uploads\/2025\/03\/prenumeration-var-2023-klassisk-rund-768x960.jpg\" class=\"attachment-medium_large size-medium_large wp-post-image\" alt=\"\" srcset=\"https:\/\/www.interflora.se\/inspiration\/wp-content\/uploads\/2025\/03\/prenumeration-var-2023-klassisk-rund-768x960.jpg 768w, https:\/\/www.interflora.se\/inspiration\/wp-content\/uploads\/2025\/03\/prenumeration-var-2023-klassisk-rund-240x300.jpg 240w, https:\/\/www.interflora.se\/inspiration\/wp-content\/uploads\/2025\/03\/prenumeration-var-2023-klassisk-rund.jpg 800w\" sizes=\"auto, (max-width: 768px) 100vw, 768px\" \/>            <\/a>\r\n            <div class=\"promo-article-content\">\r\n              <h3>5 tips p\u00e5 uppskattade br\u00f6llopsg\u00e5vor<\/h3>\r\n              <a href=\"https:\/\/www.interflora.se\/inspiration\/brollopsgavor\/\" class=\"read-more\">L\u00e4s mer<\/a>\r\n            <\/div>\r\n          <\/article>\r\n            <\/div>\r\n\r\n    <div class=\"cta-all-wrapper\">\r\n      <a href=\"https:\/\/www.interflora.se\/inspiration\/c\/tips\/\" class=\"read-all-tips\">Visa alla artiklar<\/a>\r\n    <\/div>\r\n  <\/section>\r\n  \n\n\n\n<p><\/p>\n","protected":false},"excerpt":{"rendered":"<p>Blomstrande inspiration H\u00e4r hittar du h\u00e4rlig och blomstrande inspiration. Vi har samlat n\u00e5gra av v\u00e5ra b\u00e4sta inredningstips, blomstertrender, guider, tips [&hellip;]<\/p>\n","protected":false},"author":1,"featured_media":0,"parent":0,"menu_order":0,"comment_status":"closed","ping_status":"closed","template":"","meta":{"_uag_custom_page_level_css":"","site-sidebar-layout":"default","site-content-layout":"","ast-site-content-layout":"","site-content-style":"default","site-sidebar-style":"default","ast-global-header-display":"","ast-banner-title-visibility":"","ast-main-header-display":"","ast-hfb-above-header-display":"","ast-hfb-below-header-display":"","ast-hfb-mobile-header-display":"","site-post-title":"disabled","ast-breadcrumbs-content":"","ast-featured-img":"","footer-sml-layout":"","ast-disable-related-posts":"","theme-transparent-header-meta":"","adv-header-id-meta":"","stick-header-meta":"","header-above-stick-meta":"","header-main-stick-meta":"","header-below-stick-meta":"","astra-migrate-meta-layouts":"default","ast-page-background-enabled":"default","ast-page-background-meta":{"desktop":{"background-color":"var(--ast-global-color-5)","background-image":"","background-repeat":"repeat","background-position":"center center","background-size":"auto","background-attachment":"scroll","background-type":"","background-media":"","overlay-type":"","overlay-color":"","overlay-opacity":"","overlay-gradient":""},"tablet":{"background-color":"","background-image":"","background-repeat":"repeat","background-position":"center center","background-size":"auto","background-attachment":"scroll","background-type":"","background-media":"","overlay-type":"","overlay-color":"","overlay-opacity":"","overlay-gradient":""},"mobile":{"background-color":"","background-image":"","background-repeat":"repeat","background-position":"center center","background-size":"auto","background-attachment":"scroll","background-type":"","background-media":"","overlay-type":"","overlay-color":"","overlay-opacity":"","overlay-gradient":""}},"ast-content-background-meta":{"desktop":{"background-color":"var(--ast-global-color-4)","background-image":"","background-repeat":"repeat","background-position":"center center","background-size":"auto","background-attachment":"scroll","background-type":"","background-media":"","overlay-type":"","overlay-color":"","overlay-opacity":"","overlay-gradient":""},"tablet":{"background-color":"var(--ast-global-color-4)","background-image":"","background-repeat":"repeat","background-position":"center center","background-size":"auto","background-attachment":"scroll","background-type":"","background-media":"","overlay-type":"","overlay-color":"","overlay-opacity":"","overlay-gradient":""},"mobile":{"background-color":"var(--ast-global-color-4)","background-image":"","background-repeat":"repeat","background-position":"center center","background-size":"auto","background-attachment":"scroll","background-type":"","background-media":"","overlay-type":"","overlay-color":"","overlay-opacity":"","overlay-gradient":""}},"footnotes":""},"class_list":["post-830","page","type-page","status-publish","hentry"],"yoast_head":"<!-- This site is optimized with the Yoast SEO plugin v27.4 - https:\/\/yoast.com\/product\/yoast-seo-wordpress\/ -->\n<title>Inspiration om blommor, krukv\u00e4xter &amp; trender | Interflora<\/title>\n<meta name=\"description\" content=\"H\u00e4r hittar du h\u00e4rlig och blomstrande inspiration. Vi har samlat n\u00e5gra av v\u00e5ra b\u00e4sta inredningstips, blomstertrender, guider, tips och samarbeten.\" \/>\n<meta name=\"robots\" content=\"index, follow, max-snippet:-1, max-image-preview:large, max-video-preview:-1\" \/>\n<link rel=\"canonical\" href=\"https:\/\/www.interflora.se\/inspiration\/\" \/>\n<meta property=\"og:locale\" content=\"sv_SE\" \/>\n<meta property=\"og:type\" content=\"article\" \/>\n<meta property=\"og:title\" content=\"Inspiration om blommor, krukv\u00e4xter &amp; trender | Interflora\" \/>\n<meta property=\"og:description\" content=\"H\u00e4r hittar du h\u00e4rlig och blomstrande inspiration. Vi har samlat n\u00e5gra av v\u00e5ra b\u00e4sta inredningstips, blomstertrender, guider, tips och samarbeten.\" \/>\n<meta property=\"og:url\" content=\"https:\/\/www.interflora.se\/inspiration\/\" \/>\n<meta property=\"og:site_name\" content=\"Inspiration om blommor, krukv\u00e4xter &amp; trender | Interflora\" \/>\n<meta property=\"article:publisher\" content=\"https:\/\/www.facebook.com\/InterfloraAB\" \/>\n<meta property=\"article:modified_time\" content=\"2026-02-27T11:19:02+00:00\" \/>\n<meta property=\"og:image\" content=\"https:\/\/www.interflora.se\/inspiration\/wp-content\/uploads\/2026\/02\/varblommor.jpg\" \/>\n<meta name=\"twitter:card\" content=\"summary_large_image\" \/>\n<meta name=\"twitter:label1\" content=\"Ber\u00e4knad l\u00e4stid\" \/>\n\t<meta name=\"twitter:data1\" content=\"2 minuter\" \/>\n<script type=\"application\/ld+json\" class=\"yoast-schema-graph\">{\"@context\":\"https:\\\/\\\/schema.org\",\"@graph\":[{\"@type\":\"WebPage\",\"@id\":\"https:\\\/\\\/www.interflora.se\\\/inspiration\\\/\",\"url\":\"https:\\\/\\\/www.interflora.se\\\/inspiration\\\/\",\"name\":\"Inspiration om blommor, krukv\u00e4xter & trender | Interflora\",\"isPartOf\":{\"@id\":\"https:\\\/\\\/www.interflora.se\\\/inspiration\\\/#website\"},\"primaryImageOfPage\":{\"@id\":\"https:\\\/\\\/www.interflora.se\\\/inspiration\\\/#primaryimage\"},\"image\":{\"@id\":\"https:\\\/\\\/www.interflora.se\\\/inspiration\\\/#primaryimage\"},\"thumbnailUrl\":\"https:\\\/\\\/www.interflora.se\\\/inspiration\\\/wp-content\\\/uploads\\\/2026\\\/02\\\/varblommor.jpg\",\"datePublished\":\"2025-03-20T13:03:09+00:00\",\"dateModified\":\"2026-02-27T11:19:02+00:00\",\"description\":\"H\u00e4r hittar du h\u00e4rlig och blomstrande inspiration. Vi har samlat n\u00e5gra av v\u00e5ra b\u00e4sta inredningstips, blomstertrender, guider, tips och samarbeten.\",\"breadcrumb\":{\"@id\":\"https:\\\/\\\/www.interflora.se\\\/inspiration\\\/#breadcrumb\"},\"inLanguage\":\"sv-SE\",\"potentialAction\":[{\"@type\":\"ReadAction\",\"target\":[\"https:\\\/\\\/www.interflora.se\\\/inspiration\\\/\"]}]},{\"@type\":\"ImageObject\",\"inLanguage\":\"sv-SE\",\"@id\":\"https:\\\/\\\/www.interflora.se\\\/inspiration\\\/#primaryimage\",\"url\":\"https:\\\/\\\/www.interflora.se\\\/inspiration\\\/wp-content\\\/uploads\\\/2026\\\/02\\\/varblommor.jpg\",\"contentUrl\":\"https:\\\/\\\/www.interflora.se\\\/inspiration\\\/wp-content\\\/uploads\\\/2026\\\/02\\\/varblommor.jpg\",\"width\":2000,\"height\":1125,\"caption\":\"Februaribuketten\"},{\"@type\":\"BreadcrumbList\",\"@id\":\"https:\\\/\\\/www.interflora.se\\\/inspiration\\\/#breadcrumb\",\"itemListElement\":[{\"@type\":\"ListItem\",\"position\":1,\"name\":\"Home\",\"item\":\"https:\\\/\\\/www.interflora.se\\\/inspiration\\\/\"},{\"@type\":\"ListItem\",\"position\":2,\"name\":\"Homepage\"}]},{\"@type\":\"WebSite\",\"@id\":\"https:\\\/\\\/www.interflora.se\\\/inspiration\\\/#website\",\"url\":\"https:\\\/\\\/www.interflora.se\\\/inspiration\\\/\",\"name\":\"Interflora\",\"description\":\"\",\"publisher\":{\"@id\":\"https:\\\/\\\/www.interflora.se\\\/inspiration\\\/#organization\"},\"potentialAction\":[{\"@type\":\"SearchAction\",\"target\":{\"@type\":\"EntryPoint\",\"urlTemplate\":\"https:\\\/\\\/www.interflora.se\\\/inspiration\\\/?s={search_term_string}\"},\"query-input\":{\"@type\":\"PropertyValueSpecification\",\"valueRequired\":true,\"valueName\":\"search_term_string\"}}],\"inLanguage\":\"sv-SE\"},{\"@type\":\"Organization\",\"@id\":\"https:\\\/\\\/www.interflora.se\\\/inspiration\\\/#organization\",\"name\":\"Interflora\",\"url\":\"https:\\\/\\\/www.interflora.se\\\/inspiration\\\/\",\"logo\":{\"@type\":\"ImageObject\",\"inLanguage\":\"sv-SE\",\"@id\":\"https:\\\/\\\/www.interflora.se\\\/inspiration\\\/#\\\/schema\\\/logo\\\/image\\\/\",\"url\":\"https:\\\/\\\/www.interflora.se\\\/inspiration\\\/wp-content\\\/uploads\\\/2025\\\/09\\\/cropped-220422_INTERFLORA_Logo_rgb_Half_Top_Circle_Main_Color.avif\",\"contentUrl\":\"https:\\\/\\\/www.interflora.se\\\/inspiration\\\/wp-content\\\/uploads\\\/2025\\\/09\\\/cropped-220422_INTERFLORA_Logo_rgb_Half_Top_Circle_Main_Color.avif\",\"width\":1418,\"height\":662,\"caption\":\"Interflora\"},\"image\":{\"@id\":\"https:\\\/\\\/www.interflora.se\\\/inspiration\\\/#\\\/schema\\\/logo\\\/image\\\/\"},\"sameAs\":[\"https:\\\/\\\/www.facebook.com\\\/InterfloraAB\",\"https:\\\/\\\/www.instagram.com\\\/interflora_ab\\\/\",\"https:\\\/\\\/www.linkedin.com\\\/company\\\/1494362\",\"https:\\\/\\\/www.youtube.com\\\/channel\\\/UCZgDzGWB2VRxaoWFUmXnk1w\"]}]}<\/script>\n<!-- \/ Yoast SEO plugin. -->","yoast_head_json":{"title":"Inspiration om blommor, krukv\u00e4xter & trender | Interflora","description":"H\u00e4r hittar du h\u00e4rlig och blomstrande inspiration. Vi har samlat n\u00e5gra av v\u00e5ra b\u00e4sta inredningstips, blomstertrender, guider, tips och samarbeten.","robots":{"index":"index","follow":"follow","max-snippet":"max-snippet:-1","max-image-preview":"max-image-preview:large","max-video-preview":"max-video-preview:-1"},"canonical":"https:\/\/www.interflora.se\/inspiration\/","og_locale":"sv_SE","og_type":"article","og_title":"Inspiration om blommor, krukv\u00e4xter & trender | Interflora","og_description":"H\u00e4r hittar du h\u00e4rlig och blomstrande inspiration. Vi har samlat n\u00e5gra av v\u00e5ra b\u00e4sta inredningstips, blomstertrender, guider, tips och samarbeten.","og_url":"https:\/\/www.interflora.se\/inspiration\/","og_site_name":"Inspiration om blommor, krukv\u00e4xter &amp; trender | Interflora","article_publisher":"https:\/\/www.facebook.com\/InterfloraAB","article_modified_time":"2026-02-27T11:19:02+00:00","og_image":[{"url":"https:\/\/www.interflora.se\/inspiration\/wp-content\/uploads\/2026\/02\/varblommor.jpg","type":"","width":"","height":""}],"twitter_card":"summary_large_image","twitter_misc":{"Ber\u00e4knad l\u00e4stid":"2 minuter"},"schema":{"@context":"https:\/\/schema.org","@graph":[{"@type":"WebPage","@id":"https:\/\/www.interflora.se\/inspiration\/","url":"https:\/\/www.interflora.se\/inspiration\/","name":"Inspiration om blommor, krukv\u00e4xter & trender | Interflora","isPartOf":{"@id":"https:\/\/www.interflora.se\/inspiration\/#website"},"primaryImageOfPage":{"@id":"https:\/\/www.interflora.se\/inspiration\/#primaryimage"},"image":{"@id":"https:\/\/www.interflora.se\/inspiration\/#primaryimage"},"thumbnailUrl":"https:\/\/www.interflora.se\/inspiration\/wp-content\/uploads\/2026\/02\/varblommor.jpg","datePublished":"2025-03-20T13:03:09+00:00","dateModified":"2026-02-27T11:19:02+00:00","description":"H\u00e4r hittar du h\u00e4rlig och blomstrande inspiration. Vi har samlat n\u00e5gra av v\u00e5ra b\u00e4sta inredningstips, blomstertrender, guider, tips och samarbeten.","breadcrumb":{"@id":"https:\/\/www.interflora.se\/inspiration\/#breadcrumb"},"inLanguage":"sv-SE","potentialAction":[{"@type":"ReadAction","target":["https:\/\/www.interflora.se\/inspiration\/"]}]},{"@type":"ImageObject","inLanguage":"sv-SE","@id":"https:\/\/www.interflora.se\/inspiration\/#primaryimage","url":"https:\/\/www.interflora.se\/inspiration\/wp-content\/uploads\/2026\/02\/varblommor.jpg","contentUrl":"https:\/\/www.interflora.se\/inspiration\/wp-content\/uploads\/2026\/02\/varblommor.jpg","width":2000,"height":1125,"caption":"Februaribuketten"},{"@type":"BreadcrumbList","@id":"https:\/\/www.interflora.se\/inspiration\/#breadcrumb","itemListElement":[{"@type":"ListItem","position":1,"name":"Home","item":"https:\/\/www.interflora.se\/inspiration\/"},{"@type":"ListItem","position":2,"name":"Homepage"}]},{"@type":"WebSite","@id":"https:\/\/www.interflora.se\/inspiration\/#website","url":"https:\/\/www.interflora.se\/inspiration\/","name":"Interflora","description":"","publisher":{"@id":"https:\/\/www.interflora.se\/inspiration\/#organization"},"potentialAction":[{"@type":"SearchAction","target":{"@type":"EntryPoint","urlTemplate":"https:\/\/www.interflora.se\/inspiration\/?s={search_term_string}"},"query-input":{"@type":"PropertyValueSpecification","valueRequired":true,"valueName":"search_term_string"}}],"inLanguage":"sv-SE"},{"@type":"Organization","@id":"https:\/\/www.interflora.se\/inspiration\/#organization","name":"Interflora","url":"https:\/\/www.interflora.se\/inspiration\/","logo":{"@type":"ImageObject","inLanguage":"sv-SE","@id":"https:\/\/www.interflora.se\/inspiration\/#\/schema\/logo\/image\/","url":"https:\/\/www.interflora.se\/inspiration\/wp-content\/uploads\/2025\/09\/cropped-220422_INTERFLORA_Logo_rgb_Half_Top_Circle_Main_Color.avif","contentUrl":"https:\/\/www.interflora.se\/inspiration\/wp-content\/uploads\/2025\/09\/cropped-220422_INTERFLORA_Logo_rgb_Half_Top_Circle_Main_Color.avif","width":1418,"height":662,"caption":"Interflora"},"image":{"@id":"https:\/\/www.interflora.se\/inspiration\/#\/schema\/logo\/image\/"},"sameAs":["https:\/\/www.facebook.com\/InterfloraAB","https:\/\/www.instagram.com\/interflora_ab\/","https:\/\/www.linkedin.com\/company\/1494362","https:\/\/www.youtube.com\/channel\/UCZgDzGWB2VRxaoWFUmXnk1w"]}]}},"uagb_featured_image_src":{"full":false,"thumbnail":false,"medium":false,"medium_large":false,"large":false,"1536x1536":false,"2048x2048":false},"uagb_author_info":{"display_name":"admin","author_link":"https:\/\/www.interflora.se\/inspiration\/author\/admin\/"},"uagb_comment_info":0,"uagb_excerpt":"Blomstrande inspiration H\u00e4r hittar du h\u00e4rlig och blomstrande inspiration. Vi har samlat n\u00e5gra av v\u00e5ra b\u00e4sta inredningstips, blomstertrender, guider, tips [&hellip;]","_links":{"self":[{"href":"https:\/\/www.interflora.se\/inspiration\/wp-json\/wp\/v2\/pages\/830","targetHints":{"allow":["GET"]}}],"collection":[{"href":"https:\/\/www.interflora.se\/inspiration\/wp-json\/wp\/v2\/pages"}],"about":[{"href":"https:\/\/www.interflora.se\/inspiration\/wp-json\/wp\/v2\/types\/page"}],"author":[{"embeddable":true,"href":"https:\/\/www.interflora.se\/inspiration\/wp-json\/wp\/v2\/users\/1"}],"replies":[{"embeddable":true,"href":"https:\/\/www.interflora.se\/inspiration\/wp-json\/wp\/v2\/comments?post=830"}],"version-history":[{"count":92,"href":"https:\/\/www.interflora.se\/inspiration\/wp-json\/wp\/v2\/pages\/830\/revisions"}],"predecessor-version":[{"id":5642,"href":"https:\/\/www.interflora.se\/inspiration\/wp-json\/wp\/v2\/pages\/830\/revisions\/5642"}],"wp:attachment":[{"href":"https:\/\/www.interflora.se\/inspiration\/wp-json\/wp\/v2\/media?parent=830"}],"curies":[{"name":"wp","href":"https:\/\/api.w.org\/{rel}","templated":true}]}}